{"id":988552,"date":"2024-09-05T11:51:45","date_gmt":"2024-09-05T09:51:45","guid":{"rendered":"https:\/\/cobertesindustrials.com\/servicios\/fachadas-y-sectorizacion\/"},"modified":"2025-10-30T16:36:26","modified_gmt":"2025-10-30T15:36:26","slug":"fachadas-y-sectorizacion","status":"publish","type":"page","link":"https:\/\/cobertesindustrials.com\/es\/servicios\/fachadas-y-sectorizacion\/","title":{"rendered":"Fachadas y Sectorizaci\u00f3n"},"content":{"rendered":"\t\t<div data-elementor-type=\"wp-page\" data-elementor-id=\"988552\" class=\"elementor elementor-988552 elementor-711\" data-elementor-post-type=\"page\">\n\t\t\t\t<div class=\"elementor-element elementor-element-621ae033 animated-fast e-flex e-con-boxed e-con e-parent\" data-id=\"621ae033\" data-element_type=\"container\" data-settings=\"{&quot;animation&quot;:&quot;none&quot;,&quot;animation_tablet&quot;:&quot;none&quot;}\">\n\t\t\t\t\t<div class=\"e-con-inner\">\n\t\t\t\t<div class=\"elementor-element elementor-element-2ad7f80 elementor-widget elementor-widget-heading\" data-id=\"2ad7f80\" data-element_type=\"widget\" data-widget_type=\"heading.default\">\n\t\t\t\t<div class=\"elementor-widget-container\">\n\t\t\t\t\t<h2 class=\"elementor-heading-title elementor-size-default\">Cobertes Cantara<\/h2>\t\t\t\t<\/div>\n\t\t\t\t<\/div>\n\t\t<div class=\"elementor-element elementor-element-21108488 e-con-full e-flex e-con e-child\" data-id=\"21108488\" data-element_type=\"container\">\n\t\t\t\t<div class=\"elementor-element elementor-element-0d3c20d elementor-widget elementor-widget-heading\" data-id=\"0d3c20d\" data-element_type=\"widget\" data-widget_type=\"heading.default\">\n\t\t\t\t<div class=\"elementor-widget-container\">\n\t\t\t\t\t<h2 class=\"elementor-heading-title elementor-size-default\">Fachadas, divisiones y sectorizaciones de naves y espacios industriales<\/h2>\t\t\t\t<\/div>\n\t\t\t\t<\/div>\n\t\t\t\t<\/div>\n\t\t\t\t\t<\/div>\n\t\t\t\t<\/div>\n\t\t<div class=\"elementor-element elementor-element-c02d0f6 e-flex e-con-boxed e-con e-parent\" data-id=\"c02d0f6\" data-element_type=\"container\" data-settings=\"{&quot;background_background&quot;:&quot;classic&quot;}\">\n\t\t\t\t\t<div class=\"e-con-inner\">\n\t\t<div class=\"elementor-element elementor-element-2909352 e-con-full e-flex e-con e-child\" data-id=\"2909352\" data-element_type=\"container\">\n\t\t\t\t<div class=\"elementor-element elementor-element-1554e7f elementor-widget elementor-widget-heading\" data-id=\"1554e7f\" data-element_type=\"widget\" data-widget_type=\"heading.default\">\n\t\t\t\t<div class=\"elementor-widget-container\">\n\t\t\t\t\t<h6 class=\"elementor-heading-title elementor-size-default\">Dise\u00f1o y resistencia<\/h6>\t\t\t\t<\/div>\n\t\t\t\t<\/div>\n\t\t\t\t<div class=\"elementor-element elementor-element-3f898c0 elementor-widget elementor-widget-text-editor\" data-id=\"3f898c0\" data-element_type=\"widget\" data-widget_type=\"text-editor.default\">\n\t\t\t\t<div class=\"elementor-widget-container\">\n\t\t\t\t\t\t\t\t\t<p data-start=\"167\" data-end=\"341\">Las fachadas met\u00e1licas combinan una gran durabilidad con una est\u00e9tica moderna, adapt\u00e1ndose a las necesidades de cualquier edificio industrial.<\/p>\t\t\t\t\t\t\t\t<\/div>\n\t\t\t\t<\/div>\n\t\t\t\t<\/div>\n\t\t<div class=\"elementor-element elementor-element-8f1d414 e-con-full e-flex e-con e-child\" data-id=\"8f1d414\" data-element_type=\"container\">\n\t\t\t\t<div class=\"elementor-element elementor-element-10cfcb4 elementor-widget elementor-widget-heading\" data-id=\"10cfcb4\" data-element_type=\"widget\" data-widget_type=\"heading.default\">\n\t\t\t\t<div class=\"elementor-widget-container\">\n\t\t\t\t\t<h6 class=\"elementor-heading-title elementor-size-default\">Alta calidad constructiva<\/h6>\t\t\t\t<\/div>\n\t\t\t\t<\/div>\n\t\t\t\t<div class=\"elementor-element elementor-element-cc51a4a elementor-widget elementor-widget-text-editor\" data-id=\"cc51a4a\" data-element_type=\"widget\" data-widget_type=\"text-editor.default\">\n\t\t\t\t<div class=\"elementor-widget-container\">\n\t\t\t\t\t\t\t\t\t<p data-start=\"343\" data-end=\"527\">Utilizamos materiales met\u00e1licos de primer nivel que garantizan un acabado profesional y resistencia frente a las condiciones clim\u00e1ticas m\u00e1s exigentes.<\/p>\t\t\t\t\t\t\t\t<\/div>\n\t\t\t\t<\/div>\n\t\t\t\t<\/div>\n\t\t<div class=\"elementor-element elementor-element-bd9e2cc e-con-full e-flex e-con e-child\" data-id=\"bd9e2cc\" data-element_type=\"container\">\n\t\t\t\t<div class=\"elementor-element elementor-element-5079524 elementor-widget elementor-widget-heading\" data-id=\"5079524\" data-element_type=\"widget\" data-widget_type=\"heading.default\">\n\t\t\t\t<div class=\"elementor-widget-container\">\n\t\t\t\t\t<h6 class=\"elementor-heading-title elementor-size-default\">Mantenimiento m\u00ednimo<\/h6>\t\t\t\t<\/div>\n\t\t\t\t<\/div>\n\t\t\t\t<div class=\"elementor-element elementor-element-ffed342 elementor-widget elementor-widget-text-editor\" data-id=\"ffed342\" data-element_type=\"widget\" data-widget_type=\"text-editor.default\">\n\t\t\t\t<div class=\"elementor-widget-container\">\n\t\t\t\t\t\t\t\t\t<p data-start=\"529\" data-end=\"699\">Una de las grandes ventajas de las fachadas met\u00e1licas es que no requieren pr\u00e1cticamente mantenimiento, lo que supone un ahorro a largo plazo.<\/p>\t\t\t\t\t\t\t\t<\/div>\n\t\t\t\t<\/div>\n\t\t\t\t<\/div>\n\t\t\t\t<div class=\"elementor-element elementor-element-21c4ed1 animated-fast elementor-view-default elementor-invisible elementor-widget elementor-widget-icon\" data-id=\"21c4ed1\" data-element_type=\"widget\" data-settings=\"{&quot;_animation&quot;:&quot;fadeIn&quot;,&quot;_animation_tablet&quot;:&quot;none&quot;,&quot;_animation_delay&quot;:0}\" data-widget_type=\"icon.default\">\n\t\t\t\t<div class=\"elementor-widget-container\">\n\t\t\t\t\t\t\t<div class=\"elementor-icon-wrapper\">\n\t\t\t<div class=\"elementor-icon\">\n\t\t\t<svg xmlns=\"http:\/\/www.w3.org\/2000\/svg\" xmlns:xlink=\"http:\/\/www.w3.org\/1999\/xlink\" width=\"647px\" height=\"702px\" viewBox=\"0 0 647 702\"><title>shape<\/title><g id=\"Pages\" stroke=\"none\" stroke-width=\"1\" fill=\"FFFFFF\" fill-rule=\"evenodd\"><g id=\"shape\" transform=\"translate(-1084, -748)\" fill=\"\"><g id=\"Group-51-Copy-4\" transform=\"translate(1084, 748)\"><path d=\"M305.772231,0 L646.48986,0 L360.966688,284.510678 C346.595278,298.831125 327.15278,306.900987 306.864646,306.966432 L0,307.956318 L0,307.956318 L305.772231,0 Z\" id=\"Path-5\"><\/path><path d=\"M305.772231,394.043682 L646.48986,394.043682 L360.966688,678.55436 C346.595278,692.874807 327.15278,700.944668 306.864646,701.010114 L0,702 L0,702 L305.772231,394.043682 Z\" id=\"Path-5-Copy\" transform=\"translate(323.2449, 548.0218) scale(1, -1) translate(-323.2449, -548.0218)\"><\/path><\/g><\/g><\/g><\/svg>\t\t\t<\/div>\n\t\t<\/div>\n\t\t\t\t\t\t<\/div>\n\t\t\t\t<\/div>\n\t\t\t\t\t<\/div>\n\t\t\t\t<\/div>\n\t\t<div class=\"elementor-element elementor-element-0995efa e-con-full animated-fast e-flex e-con e-parent\" data-id=\"0995efa\" data-element_type=\"container\" data-settings=\"{&quot;background_background&quot;:&quot;classic&quot;,&quot;animation&quot;:&quot;none&quot;,&quot;animation_tablet&quot;:&quot;none&quot;}\">\n\t\t\t\t<\/div>\n\t\t<div class=\"elementor-element elementor-element-e75aa31 e-flex e-con-boxed e-con e-parent\" data-id=\"e75aa31\" data-element_type=\"container\">\n\t\t\t\t\t<div class=\"e-con-inner\">\n\t\t<div class=\"elementor-element elementor-element-8add480 e-con-full e-flex e-con e-child\" data-id=\"8add480\" data-element_type=\"container\">\n\t\t<div class=\"elementor-element elementor-element-071c9ad e-con-full e-flex e-con e-child\" data-id=\"071c9ad\" data-element_type=\"container\">\n\t\t\t\t<div class=\"elementor-element elementor-element-4e2fab8 elementor-invisible elementor-widget elementor-widget-heading\" data-id=\"4e2fab8\" data-element_type=\"widget\" data-settings=\"{&quot;_animation&quot;:&quot;fadeInUp&quot;,&quot;_animation_tablet&quot;:&quot;none&quot;,&quot;_animation_delay&quot;:400}\" data-widget_type=\"heading.default\">\n\t\t\t\t<div class=\"elementor-widget-container\">\n\t\t\t\t\t<h2 class=\"elementor-heading-title elementor-size-default\">Cobertes Cantara<\/h2>\t\t\t\t<\/div>\n\t\t\t\t<\/div>\n\t\t\t\t<div class=\"elementor-element elementor-element-4d396e0 elementor-widget__width-initial elementor-widget-mobile__width-inherit elementor-invisible elementor-widget elementor-widget-heading\" data-id=\"4d396e0\" data-element_type=\"widget\" data-settings=\"{&quot;_animation&quot;:&quot;fadeIn&quot;,&quot;_animation_tablet&quot;:&quot;none&quot;,&quot;_animation_delay&quot;:200}\" data-widget_type=\"heading.default\">\n\t\t\t\t<div class=\"elementor-widget-container\">\n\t\t\t\t\t<h3 class=\"elementor-heading-title elementor-size-default\">Divisiones y sectorizaciones de naves y espacios industriales<\/h3>\t\t\t\t<\/div>\n\t\t\t\t<\/div>\n\t\t\t\t<div class=\"elementor-element elementor-element-259da84 elementor-widget elementor-widget-text-editor\" data-id=\"259da84\" data-element_type=\"widget\" data-widget_type=\"text-editor.default\">\n\t\t\t\t<div class=\"elementor-widget-container\">\n\t\t\t\t\t\t\t\t\t<p>Instalaci\u00f3n de divisiones Verticales y Horizontales en interior de espacios con Panel prefabricado de Lana de Roca o Poliisocianurato, ideales para conseguir la reacci\u00f3n al fuego RF deseado, as\u00ed como para obtener Salas limpias sanitarias.<\/p>\t\t\t\t\t\t\t\t<\/div>\n\t\t\t\t<\/div>\n\t\t\t\t<\/div>\n\t\t\t\t<div class=\"elementor-element elementor-element-e5f4571 elementor-widget elementor-widget-button\" data-id=\"e5f4571\" data-element_type=\"widget\" data-widget_type=\"button.default\">\n\t\t\t\t<div class=\"elementor-widget-container\">\n\t\t\t\t\t\t\t\t\t<div class=\"elementor-button-wrapper\">\n\t\t\t\t\t<a class=\"elementor-button elementor-button-link elementor-size-sm\" href=\"https:\/\/cobertesindustrials.com\/es\/contacto\/\">\n\t\t\t\t\t\t<span class=\"elementor-button-content-wrapper\">\n\t\t\t\t\t\t<span class=\"elementor-button-icon\">\n\t\t\t\t<i aria-hidden=\"true\" class=\"vamtamtheme- vamtam-theme-arrow-2\"><\/i>\t\t\t<\/span>\n\t\t\t\t\t\t\t\t\t<span class=\"elementor-button-text\">Solicita informaci\u00f3n<\/span>\n\t\t\t\t\t<\/span>\n\t\t\t\t\t<\/a>\n\t\t\t\t<\/div>\n\t\t\t\t\t\t\t\t<\/div>\n\t\t\t\t<\/div>\n\t\t\t\t<\/div>\n\t\t<div class=\"elementor-element elementor-element-f343ca6 e-con-full e-flex e-con e-child\" data-id=\"f343ca6\" data-element_type=\"container\" data-settings=\"{&quot;background_background&quot;:&quot;classic&quot;}\">\n\t\t\t\t<\/div>\n\t\t\t\t\t<\/div>\n\t\t\t\t<\/div>\n\t\t<div class=\"elementor-element elementor-element-c333ca0 e-flex e-con-boxed e-con e-child\" data-id=\"c333ca0\" data-element_type=\"container\" data-settings=\"{&quot;background_background&quot;:&quot;classic&quot;}\">\n\t\t\t\t\t<div class=\"e-con-inner\">\n\t\t<div class=\"elementor-element elementor-element-1c5b534 e-con-full e-flex e-con e-child\" data-id=\"1c5b534\" data-element_type=\"container\">\n\t\t\t\t<div class=\"elementor-element elementor-element-8c1ca8a elementor-widget__width-initial elementor-widget-mobile__width-inherit elementor-widget elementor-widget-heading\" data-id=\"8c1ca8a\" data-element_type=\"widget\" data-widget_type=\"heading.default\">\n\t\t\t\t<div class=\"elementor-widget-container\">\n\t\t\t\t\t<h4 class=\"elementor-heading-title elementor-size-default\">\u00bfNecesitas una fachada resistente y funcional?<\/h4>\t\t\t\t<\/div>\n\t\t\t\t<\/div>\n\t\t\t\t<div class=\"elementor-element elementor-element-6d46ddf elementor-widget__width-initial elementor-widget-mobile__width-inherit elementor-widget elementor-widget-text-editor\" data-id=\"6d46ddf\" data-element_type=\"widget\" data-widget_type=\"text-editor.default\">\n\t\t\t\t<div class=\"elementor-widget-container\">\n\t\t\t\t\t\t\t\t\t<div class=\"elementor-element elementor-element-dc899da elementor-widget__width-initial elementor-widget-mobile__width-inherit elementor-widget elementor-widget-text-editor\" data-id=\"dc899da\" data-element_type=\"widget\" data-widget_type=\"text-editor.default\"><div class=\"elementor-widget-container\"><p>Cu\u00e9ntanos qu\u00e9 necesitas, estaremos encantados de ayudarte.<\/p><\/div><\/div>\t\t\t\t\t\t\t\t<\/div>\n\t\t\t\t<\/div>\n\t\t\t\t<div class=\"elementor-element elementor-element-a6d2f3a elementor-widget elementor-widget-button\" data-id=\"a6d2f3a\" data-element_type=\"widget\" data-widget_type=\"button.default\">\n\t\t\t\t<div class=\"elementor-widget-container\">\n\t\t\t\t\t\t\t\t\t<div class=\"elementor-button-wrapper\">\n\t\t\t\t\t<a class=\"elementor-button elementor-button-link elementor-size-sm\" href=\"https:\/\/cobertesindustrials.com\/es\/contacto\/\">\n\t\t\t\t\t\t<span class=\"elementor-button-content-wrapper\">\n\t\t\t\t\t\t<span class=\"elementor-button-icon\">\n\t\t\t\t<i aria-hidden=\"true\" class=\"vamtamtheme- vamtam-theme-arrow-2\"><\/i>\t\t\t<\/span>\n\t\t\t\t\t\t\t\t\t<span class=\"elementor-button-text\">Consulta sin compromiso<\/span>\n\t\t\t\t\t<\/span>\n\t\t\t\t\t<\/a>\n\t\t\t\t<\/div>\n\t\t\t\t\t\t\t\t<\/div>\n\t\t\t\t<\/div>\n\t\t\t\t<\/div>\n\t\t\t\t\t<\/div>\n\t\t\t\t<\/div>\n\t\t\t\t<\/div>\n\t\t","protected":false},"excerpt":{"rendered":"<p>Fachadas resistentes, duraderas y de alta calidad<\/p>\n","protected":false},"author":1,"featured_media":988551,"parent":988534,"menu_order":0,"comment_status":"closed","ping_status":"closed","template":"elementor_header_footer","meta":{"_joinchat":[],"footnotes":""},"class_list":["post-988552","page","type-page","status-publish","has-post-thumbnail","hentry"],"yoast_head":"<!-- This site is optimized with the Yoast SEO plugin v26.2 - https:\/\/yoast.com\/wordpress\/plugins\/seo\/ -->\n<title>Ejecuci\u00f3n fachadas y sectorizaciones industriales Catalu\u00f1a \u00b7 Cantara<\/title>\n<meta name=\"description\" content=\"Ejecuci\u00f3n de fachadas y sectorizaciones industriales con paneles prefabricados para seguridad contra incendios y creaci\u00f3n de espacios funcionales.\" \/>\n<meta name=\"robots\" content=\"index, follow, max-snippet:-1, max-image-preview:large, max-video-preview:-1\" \/>\n<link rel=\"canonical\" href=\"https:\/\/cobertesindustrials.com\/serveis\/facanes-metalliques\/\" \/>\n<meta property=\"og:locale\" content=\"es_ES\" \/>\n<meta property=\"og:type\" content=\"article\" \/>\n<meta property=\"og:title\" content=\"Ejecuci\u00f3n fachadas y sectorizaciones industriales Catalu\u00f1a \u00b7 Cantara\" \/>\n<meta property=\"og:description\" content=\"Ejecuci\u00f3n de fachadas y sectorizaciones industriales con paneles prefabricados para seguridad contra incendios y creaci\u00f3n de espacios funcionales.\" \/>\n<meta property=\"og:url\" content=\"https:\/\/cobertesindustrials.com\/serveis\/facanes-metalliques\/\" \/>\n<meta property=\"og:site_name\" content=\"Cobertes Industrials Cantara \u00b7 Extracci\u00f3 amiant, cobertes industrials i agr\u00edcoles a Catalunya\" \/>\n<meta property=\"article:modified_time\" content=\"2025-10-30T15:36:26+00:00\" \/>\n<meta property=\"og:image\" content=\"https:\/\/cobertesindustrials.com\/wp-content\/uploads\/2025\/06\/facana_metal\u00b7lica_manresa_3_h-1-1024x576.jpg\" \/>\n\t<meta property=\"og:image:width\" content=\"1024\" \/>\n\t<meta property=\"og:image:height\" content=\"576\" \/>\n\t<meta property=\"og:image:type\" content=\"image\/jpeg\" \/>\n<meta name=\"twitter:card\" content=\"summary_large_image\" \/>\n<meta name=\"twitter:label1\" content=\"Tiempo de lectura\" \/>\n\t<meta name=\"twitter:data1\" content=\"1 minuto\" \/>\n<script type=\"application\/ld+json\" class=\"yoast-schema-graph\">{\"@context\":\"https:\/\/schema.org\",\"@graph\":[{\"@type\":\"WebPage\",\"@id\":\"https:\/\/cobertesindustrials.com\/serveis\/facanes-metalliques\/\",\"url\":\"https:\/\/cobertesindustrials.com\/serveis\/facanes-metalliques\/\",\"name\":\"Ejecuci\u00f3n fachadas y sectorizaciones industriales Catalu\u00f1a \u00b7 Cantara\",\"isPartOf\":{\"@id\":\"https:\/\/cobertesindustrials.com\/#website\"},\"primaryImageOfPage\":{\"@id\":\"https:\/\/cobertesindustrials.com\/serveis\/facanes-metalliques\/#primaryimage\"},\"image\":{\"@id\":\"https:\/\/cobertesindustrials.com\/serveis\/facanes-metalliques\/#primaryimage\"},\"thumbnailUrl\":\"https:\/\/cobertesindustrials.com\/wp-content\/uploads\/2025\/06\/facana_metal\u00b7lica_manresa_3_h-1.jpg\",\"datePublished\":\"2024-09-05T09:51:45+00:00\",\"dateModified\":\"2025-10-30T15:36:26+00:00\",\"description\":\"Ejecuci\u00f3n de fachadas y sectorizaciones industriales con paneles prefabricados para seguridad contra incendios y creaci\u00f3n de espacios funcionales.\",\"breadcrumb\":{\"@id\":\"https:\/\/cobertesindustrials.com\/serveis\/facanes-metalliques\/#breadcrumb\"},\"inLanguage\":\"es\",\"potentialAction\":[{\"@type\":\"ReadAction\",\"target\":[\"https:\/\/cobertesindustrials.com\/serveis\/facanes-metalliques\/\"]}]},{\"@type\":\"ImageObject\",\"inLanguage\":\"es\",\"@id\":\"https:\/\/cobertesindustrials.com\/serveis\/facanes-metalliques\/#primaryimage\",\"url\":\"https:\/\/cobertesindustrials.com\/wp-content\/uploads\/2025\/06\/facana_metal\u00b7lica_manresa_3_h-1.jpg\",\"contentUrl\":\"https:\/\/cobertesindustrials.com\/wp-content\/uploads\/2025\/06\/facana_metal\u00b7lica_manresa_3_h-1.jpg\",\"width\":2560,\"height\":1440},{\"@type\":\"BreadcrumbList\",\"@id\":\"https:\/\/cobertesindustrials.com\/serveis\/facanes-metalliques\/#breadcrumb\",\"itemListElement\":[{\"@type\":\"ListItem\",\"position\":1,\"name\":\"Home\",\"item\":\"https:\/\/cobertesindustrials.com\/\"},{\"@type\":\"ListItem\",\"position\":2,\"name\":\"Servicios\",\"item\":\"https:\/\/cobertesindustrials.com\/es\/servicios\/\"},{\"@type\":\"ListItem\",\"position\":3,\"name\":\"Fachadas y Sectorizaci\u00f3n\"}]},{\"@type\":\"WebSite\",\"@id\":\"https:\/\/cobertesindustrials.com\/#website\",\"url\":\"https:\/\/cobertesindustrials.com\/\",\"name\":\"Cobertes Industrials Cantara \u00b7 Extracci\u00f3 amiant, cobertes industrials i agr\u00edcoles a Catalunya\",\"description\":\"Cobertes Industrials Cantara \u00b7 Extracci\u00f3 amiant, cobertes industrials i agr\u00edcoles a Catalunya\",\"potentialAction\":[{\"@type\":\"SearchAction\",\"target\":{\"@type\":\"EntryPoint\",\"urlTemplate\":\"https:\/\/cobertesindustrials.com\/?s={search_term_string}\"},\"query-input\":{\"@type\":\"PropertyValueSpecification\",\"valueRequired\":true,\"valueName\":\"search_term_string\"}}],\"inLanguage\":\"es\"}]}<\/script>\n<!-- \/ Yoast SEO plugin. -->","yoast_head_json":{"title":"Ejecuci\u00f3n fachadas y sectorizaciones industriales Catalu\u00f1a \u00b7 Cantara","description":"Ejecuci\u00f3n de fachadas y sectorizaciones industriales con paneles prefabricados para seguridad contra incendios y creaci\u00f3n de espacios funcionales.","robots":{"index":"index","follow":"follow","max-snippet":"max-snippet:-1","max-image-preview":"max-image-preview:large","max-video-preview":"max-video-preview:-1"},"canonical":"https:\/\/cobertesindustrials.com\/serveis\/facanes-metalliques\/","og_locale":"es_ES","og_type":"article","og_title":"Ejecuci\u00f3n fachadas y sectorizaciones industriales Catalu\u00f1a \u00b7 Cantara","og_description":"Ejecuci\u00f3n de fachadas y sectorizaciones industriales con paneles prefabricados para seguridad contra incendios y creaci\u00f3n de espacios funcionales.","og_url":"https:\/\/cobertesindustrials.com\/serveis\/facanes-metalliques\/","og_site_name":"Cobertes Industrials Cantara \u00b7 Extracci\u00f3 amiant, cobertes industrials i agr\u00edcoles a Catalunya","article_modified_time":"2025-10-30T15:36:26+00:00","og_image":[{"width":1024,"height":576,"url":"https:\/\/cobertesindustrials.com\/wp-content\/uploads\/2025\/06\/facana_metal\u00b7lica_manresa_3_h-1-1024x576.jpg","type":"image\/jpeg"}],"twitter_card":"summary_large_image","twitter_misc":{"Tiempo de lectura":"1 minuto"},"schema":{"@context":"https:\/\/schema.org","@graph":[{"@type":"WebPage","@id":"https:\/\/cobertesindustrials.com\/serveis\/facanes-metalliques\/","url":"https:\/\/cobertesindustrials.com\/serveis\/facanes-metalliques\/","name":"Ejecuci\u00f3n fachadas y sectorizaciones industriales Catalu\u00f1a \u00b7 Cantara","isPartOf":{"@id":"https:\/\/cobertesindustrials.com\/#website"},"primaryImageOfPage":{"@id":"https:\/\/cobertesindustrials.com\/serveis\/facanes-metalliques\/#primaryimage"},"image":{"@id":"https:\/\/cobertesindustrials.com\/serveis\/facanes-metalliques\/#primaryimage"},"thumbnailUrl":"https:\/\/cobertesindustrials.com\/wp-content\/uploads\/2025\/06\/facana_metal\u00b7lica_manresa_3_h-1.jpg","datePublished":"2024-09-05T09:51:45+00:00","dateModified":"2025-10-30T15:36:26+00:00","description":"Ejecuci\u00f3n de fachadas y sectorizaciones industriales con paneles prefabricados para seguridad contra incendios y creaci\u00f3n de espacios funcionales.","breadcrumb":{"@id":"https:\/\/cobertesindustrials.com\/serveis\/facanes-metalliques\/#breadcrumb"},"inLanguage":"es","potentialAction":[{"@type":"ReadAction","target":["https:\/\/cobertesindustrials.com\/serveis\/facanes-metalliques\/"]}]},{"@type":"ImageObject","inLanguage":"es","@id":"https:\/\/cobertesindustrials.com\/serveis\/facanes-metalliques\/#primaryimage","url":"https:\/\/cobertesindustrials.com\/wp-content\/uploads\/2025\/06\/facana_metal\u00b7lica_manresa_3_h-1.jpg","contentUrl":"https:\/\/cobertesindustrials.com\/wp-content\/uploads\/2025\/06\/facana_metal\u00b7lica_manresa_3_h-1.jpg","width":2560,"height":1440},{"@type":"BreadcrumbList","@id":"https:\/\/cobertesindustrials.com\/serveis\/facanes-metalliques\/#breadcrumb","itemListElement":[{"@type":"ListItem","position":1,"name":"Home","item":"https:\/\/cobertesindustrials.com\/"},{"@type":"ListItem","position":2,"name":"Servicios","item":"https:\/\/cobertesindustrials.com\/es\/servicios\/"},{"@type":"ListItem","position":3,"name":"Fachadas y Sectorizaci\u00f3n"}]},{"@type":"WebSite","@id":"https:\/\/cobertesindustrials.com\/#website","url":"https:\/\/cobertesindustrials.com\/","name":"Cobertes Industrials Cantara \u00b7 Extracci\u00f3 amiant, cobertes industrials i agr\u00edcoles a Catalunya","description":"Cobertes Industrials Cantara \u00b7 Extracci\u00f3 amiant, cobertes industrials i agr\u00edcoles a Catalunya","potentialAction":[{"@type":"SearchAction","target":{"@type":"EntryPoint","urlTemplate":"https:\/\/cobertesindustrials.com\/?s={search_term_string}"},"query-input":{"@type":"PropertyValueSpecification","valueRequired":true,"valueName":"search_term_string"}}],"inLanguage":"es"}]}},"_links":{"self":[{"href":"https:\/\/cobertesindustrials.com\/es\/wp-json\/wp\/v2\/pages\/988552","targetHints":{"allow":["GET"]}}],"collection":[{"href":"https:\/\/cobertesindustrials.com\/es\/wp-json\/wp\/v2\/pages"}],"about":[{"href":"https:\/\/cobertesindustrials.com\/es\/wp-json\/wp\/v2\/types\/page"}],"author":[{"embeddable":true,"href":"https:\/\/cobertesindustrials.com\/es\/wp-json\/wp\/v2\/users\/1"}],"replies":[{"embeddable":true,"href":"https:\/\/cobertesindustrials.com\/es\/wp-json\/wp\/v2\/comments?post=988552"}],"version-history":[{"count":10,"href":"https:\/\/cobertesindustrials.com\/es\/wp-json\/wp\/v2\/pages\/988552\/revisions"}],"predecessor-version":[{"id":988662,"href":"https:\/\/cobertesindustrials.com\/es\/wp-json\/wp\/v2\/pages\/988552\/revisions\/988662"}],"up":[{"embeddable":true,"href":"https:\/\/cobertesindustrials.com\/es\/wp-json\/wp\/v2\/pages\/988534"}],"wp:featuredmedia":[{"embeddable":true,"href":"https:\/\/cobertesindustrials.com\/es\/wp-json\/wp\/v2\/media\/988551"}],"wp:attachment":[{"href":"https:\/\/cobertesindustrials.com\/es\/wp-json\/wp\/v2\/media?parent=988552"}],"curies":[{"name":"wp","href":"https:\/\/api.w.org\/{rel}","templated":true}]}}